{"id":59,"date":"2021-02-25T15:00:32","date_gmt":"2021-02-25T14:00:32","guid":{"rendered":"http:\/\/www.sausseron-impressionnistes.fr\/?page_id=59"},"modified":"2021-03-02T16:09:20","modified_gmt":"2021-03-02T15:09:20","slug":"le-sausseron","status":"publish","type":"page","link":"https:\/\/www.sausseron-impressionnistes.fr\/index.php\/le-sausseron\/","title":{"rendered":"La biodiversit\u00e9"},"content":{"rendered":"\n<div class=\"wp-block-image is-style-rounded\"><figure class=\"alignright size-large is-resized\"><img decoding=\"async\" src=\"https:\/\/www.sausseron-impressionnistes.fr\/wp-content\/uploads\/2021\/03\/IMG_8016-768x1024.jpg\" alt=\"\" class=\"wp-image-492\" width=\"341\" height=\"454\" srcset=\"https:\/\/www.sausseron-impressionnistes.fr\/wp-content\/uploads\/2021\/03\/IMG_8016-768x1024.jpg 768w, https:\/\/www.sausseron-impressionnistes.fr\/wp-content\/uploads\/2021\/03\/IMG_8016-225x300.jpg 225w, https:\/\/www.sausseron-impressionnistes.fr\/wp-content\/uploads\/2021\/03\/IMG_8016-1152x1536.jpg 1152w, https:\/\/www.sausseron-impressionnistes.fr\/wp-content\/uploads\/2021\/03\/IMG_8016-rotated.jpg 1512w\" sizes=\"(max-width: 341px) 100vw, 341px\" \/><\/figure><\/div>\n\n\n\n<p>La Communaut\u00e9 de Communes r\u00e9alise une gestion diff\u00e9renci\u00e9e des talus le long des routes. Il s\u2019agit l\u00e0 d\u2019une v\u00e9ritable r\u00e9volution destin\u00e9e \u00e0 faire revivre une biodiversit\u00e9 jusque-l\u00e0 r\u00e9guli\u00e8rement broy\u00e9e par des fauches beaucoup trop agressives. La biodiversit\u00e9 se d\u00e9cline aussi au quotidien dans vos jardins.<\/p>\n\n\n\n<p><strong><span class=\"has-inline-color has-vivid-green-cyan-color\">Des fleurs pour nos abeilles\u2026<\/span><\/strong><\/p>\n\n\n\n<p>Les abeilles domestiques et sauvages sont particuli\u00e8rement utiles. Avec les bourdons, les papillons, les coccinelles, elles pollinisent la plupart des esp\u00e8ces v\u00e9g\u00e9tales, notamment nos plantes \u00e0 fleurs et nos fruitiers. Il nous faut donc penser \u00e0 les pr\u00e9server.<\/p>\n\n\n\n<p>Attention les frelons asiatiques sont pr\u00e9sents sur la CCSI depuis l\u2019\u00e9t\u00e9 2015. La Communaut\u00e9 de Communes prend \u00e0 sa charge la destruction des nids.<\/p>\n\n\n\n<p><strong><span class=\"has-inline-color has-vivid-green-cyan-color\">Esp\u00e8ces embl\u00e9matiques<\/span><\/strong><\/p>\n\n\n\n<p>Certaines esp\u00e8ces de faune sont embl\u00e9matiques et b\u00e9n\u00e9ficient de programmes d\u2019actions particuliers du PNR comme la Chouette chev\u00eache et l\u2019oedicn\u00e8me criard pour les oiseaux, les chauves-souris pour les mammif\u00e8res.<\/p>\n","protected":false},"excerpt":{"rendered":"<p>La Communaut\u00e9 de Communes r\u00e9alise une gestion diff\u00e9renci\u00e9e des talus le long des routes. Il s\u2019agit l\u00e0 d\u2019une v\u00e9ritable r\u00e9volution destin\u00e9e \u00e0 faire revivre une biodiversit\u00e9 jusque-l\u00e0 r\u00e9guli\u00e8rement broy\u00e9e par des fauches beaucoup trop agressives. La biodiversit\u00e9 se d\u00e9cline aussi au quotidien dans vos jardins. Des fleurs pour nos abeilles\u2026 Les abeilles domestiques et sauvages &hellip; <\/p>\n<p class=\"link-more\"><a href=\"https:\/\/www.sausseron-impressionnistes.fr\/index.php\/le-sausseron\/\" class=\"more-link\">Continuer la lecture<span class=\"screen-reader-text\"> de &laquo;&nbsp;La biodiversit\u00e9&nbsp;&raquo;<\/span><\/a><\/p>\n","protected":false},"author":1,"featured_media":0,"parent":0,"menu_order":0,"comment_status":"closed","ping_status":"closed","template":"","meta":{"footnotes":""},"class_list":["post-59","page","type-page","status-publish","hentry"],"yoast_head":"<!-- This site is optimized with the Yoast SEO plugin v27.5 - https:\/\/yoast.com\/product\/yoast-seo-wordpress\/ -->\n<title>La biodiversit\u00e9 - Communaut\u00e9 de Communes Sausseron Impressionnistes<\/title>\n<meta name=\"robots\" content=\"index, follow, max-snippet:-1, max-image-preview:large, max-video-preview:-1\" \/>\n<link rel=\"canonical\" href=\"https:\/\/www.sausseron-impressionnistes.fr\/index.php\/le-sausseron\/\" \/>\n<meta property=\"og:locale\" content=\"fr_FR\" \/>\n<meta property=\"og:type\" content=\"article\" \/>\n<meta property=\"og:title\" content=\"La biodiversit\u00e9 - Communaut\u00e9 de Communes Sausseron Impressionnistes\" \/>\n<meta property=\"og:description\" content=\"La Communaut\u00e9 de Communes r\u00e9alise une gestion diff\u00e9renci\u00e9e des talus le long des routes. Il s\u2019agit l\u00e0 d\u2019une v\u00e9ritable r\u00e9volution destin\u00e9e \u00e0 faire revivre une biodiversit\u00e9 jusque-l\u00e0 r\u00e9guli\u00e8rement broy\u00e9e par des fauches beaucoup trop agressives. La biodiversit\u00e9 se d\u00e9cline aussi au quotidien dans vos jardins. Des fleurs pour nos abeilles\u2026 Les abeilles domestiques et sauvages &hellip; Continuer la lecture de &laquo;&nbsp;La biodiversit\u00e9&nbsp;&raquo;\" \/>\n<meta property=\"og:url\" content=\"https:\/\/www.sausseron-impressionnistes.fr\/index.php\/le-sausseron\/\" \/>\n<meta property=\"og:site_name\" content=\"Communaut\u00e9 de Communes Sausseron Impressionnistes\" \/>\n<meta property=\"article:modified_time\" content=\"2021-03-02T15:09:20+00:00\" \/>\n<meta property=\"og:image\" content=\"http:\/\/www.sausseron-impressionnistes.fr\/wp-content\/uploads\/2021\/03\/IMG_8016-768x1024.jpg\" \/>\n<meta name=\"twitter:card\" content=\"summary_large_image\" \/>\n<meta name=\"twitter:label1\" content=\"Dur\u00e9e de lecture estim\u00e9e\" \/>\n\t<meta name=\"twitter:data1\" content=\"1 minute\" \/>\n<script type=\"application\/ld+json\" class=\"yoast-schema-graph\">{\"@context\":\"https:\\\/\\\/schema.org\",\"@graph\":[{\"@type\":\"WebPage\",\"@id\":\"https:\\\/\\\/www.sausseron-impressionnistes.fr\\\/index.php\\\/le-sausseron\\\/\",\"url\":\"https:\\\/\\\/www.sausseron-impressionnistes.fr\\\/index.php\\\/le-sausseron\\\/\",\"name\":\"La biodiversit\u00e9 - Communaut\u00e9 de Communes Sausseron Impressionnistes\",\"isPartOf\":{\"@id\":\"https:\\\/\\\/www.sausseron-impressionnistes.fr\\\/#website\"},\"primaryImageOfPage\":{\"@id\":\"https:\\\/\\\/www.sausseron-impressionnistes.fr\\\/index.php\\\/le-sausseron\\\/#primaryimage\"},\"image\":{\"@id\":\"https:\\\/\\\/www.sausseron-impressionnistes.fr\\\/index.php\\\/le-sausseron\\\/#primaryimage\"},\"thumbnailUrl\":\"http:\\\/\\\/www.sausseron-impressionnistes.fr\\\/wp-content\\\/uploads\\\/2021\\\/03\\\/IMG_8016-768x1024.jpg\",\"datePublished\":\"2021-02-25T14:00:32+00:00\",\"dateModified\":\"2021-03-02T15:09:20+00:00\",\"breadcrumb\":{\"@id\":\"https:\\\/\\\/www.sausseron-impressionnistes.fr\\\/index.php\\\/le-sausseron\\\/#breadcrumb\"},\"inLanguage\":\"fr-FR\",\"potentialAction\":[{\"@type\":\"ReadAction\",\"target\":[\"https:\\\/\\\/www.sausseron-impressionnistes.fr\\\/index.php\\\/le-sausseron\\\/\"]}]},{\"@type\":\"ImageObject\",\"inLanguage\":\"fr-FR\",\"@id\":\"https:\\\/\\\/www.sausseron-impressionnistes.fr\\\/index.php\\\/le-sausseron\\\/#primaryimage\",\"url\":\"http:\\\/\\\/www.sausseron-impressionnistes.fr\\\/wp-content\\\/uploads\\\/2021\\\/03\\\/IMG_8016-768x1024.jpg\",\"contentUrl\":\"http:\\\/\\\/www.sausseron-impressionnistes.fr\\\/wp-content\\\/uploads\\\/2021\\\/03\\\/IMG_8016-768x1024.jpg\"},{\"@type\":\"BreadcrumbList\",\"@id\":\"https:\\\/\\\/www.sausseron-impressionnistes.fr\\\/index.php\\\/le-sausseron\\\/#breadcrumb\",\"itemListElement\":[{\"@type\":\"ListItem\",\"position\":1,\"name\":\"Accueil\",\"item\":\"https:\\\/\\\/www.sausseron-impressionnistes.fr\\\/\"},{\"@type\":\"ListItem\",\"position\":2,\"name\":\"La biodiversit\u00e9\"}]},{\"@type\":\"WebSite\",\"@id\":\"https:\\\/\\\/www.sausseron-impressionnistes.fr\\\/#website\",\"url\":\"https:\\\/\\\/www.sausseron-impressionnistes.fr\\\/\",\"name\":\"Communaut\u00e9 de Communes Sausseron Impressionnistes\",\"description\":\"\",\"potentialAction\":[{\"@type\":\"SearchAction\",\"target\":{\"@type\":\"EntryPoint\",\"urlTemplate\":\"https:\\\/\\\/www.sausseron-impressionnistes.fr\\\/?s={search_term_string}\"},\"query-input\":{\"@type\":\"PropertyValueSpecification\",\"valueRequired\":true,\"valueName\":\"search_term_string\"}}],\"inLanguage\":\"fr-FR\"}]}<\/script>\n<!-- \/ Yoast SEO plugin. -->","yoast_head_json":{"title":"La biodiversit\u00e9 - Communaut\u00e9 de Communes Sausseron Impressionnistes","robots":{"index":"index","follow":"follow","max-snippet":"max-snippet:-1","max-image-preview":"max-image-preview:large","max-video-preview":"max-video-preview:-1"},"canonical":"https:\/\/www.sausseron-impressionnistes.fr\/index.php\/le-sausseron\/","og_locale":"fr_FR","og_type":"article","og_title":"La biodiversit\u00e9 - Communaut\u00e9 de Communes Sausseron Impressionnistes","og_description":"La Communaut\u00e9 de Communes r\u00e9alise une gestion diff\u00e9renci\u00e9e des talus le long des routes. Il s\u2019agit l\u00e0 d\u2019une v\u00e9ritable r\u00e9volution destin\u00e9e \u00e0 faire revivre une biodiversit\u00e9 jusque-l\u00e0 r\u00e9guli\u00e8rement broy\u00e9e par des fauches beaucoup trop agressives. La biodiversit\u00e9 se d\u00e9cline aussi au quotidien dans vos jardins. Des fleurs pour nos abeilles\u2026 Les abeilles domestiques et sauvages &hellip; Continuer la lecture de &laquo;&nbsp;La biodiversit\u00e9&nbsp;&raquo;","og_url":"https:\/\/www.sausseron-impressionnistes.fr\/index.php\/le-sausseron\/","og_site_name":"Communaut\u00e9 de Communes Sausseron Impressionnistes","article_modified_time":"2021-03-02T15:09:20+00:00","og_image":[{"url":"http:\/\/www.sausseron-impressionnistes.fr\/wp-content\/uploads\/2021\/03\/IMG_8016-768x1024.jpg","type":"","width":"","height":""}],"twitter_card":"summary_large_image","twitter_misc":{"Dur\u00e9e de lecture estim\u00e9e":"1 minute"},"schema":{"@context":"https:\/\/schema.org","@graph":[{"@type":"WebPage","@id":"https:\/\/www.sausseron-impressionnistes.fr\/index.php\/le-sausseron\/","url":"https:\/\/www.sausseron-impressionnistes.fr\/index.php\/le-sausseron\/","name":"La biodiversit\u00e9 - Communaut\u00e9 de Communes Sausseron Impressionnistes","isPartOf":{"@id":"https:\/\/www.sausseron-impressionnistes.fr\/#website"},"primaryImageOfPage":{"@id":"https:\/\/www.sausseron-impressionnistes.fr\/index.php\/le-sausseron\/#primaryimage"},"image":{"@id":"https:\/\/www.sausseron-impressionnistes.fr\/index.php\/le-sausseron\/#primaryimage"},"thumbnailUrl":"http:\/\/www.sausseron-impressionnistes.fr\/wp-content\/uploads\/2021\/03\/IMG_8016-768x1024.jpg","datePublished":"2021-02-25T14:00:32+00:00","dateModified":"2021-03-02T15:09:20+00:00","breadcrumb":{"@id":"https:\/\/www.sausseron-impressionnistes.fr\/index.php\/le-sausseron\/#breadcrumb"},"inLanguage":"fr-FR","potentialAction":[{"@type":"ReadAction","target":["https:\/\/www.sausseron-impressionnistes.fr\/index.php\/le-sausseron\/"]}]},{"@type":"ImageObject","inLanguage":"fr-FR","@id":"https:\/\/www.sausseron-impressionnistes.fr\/index.php\/le-sausseron\/#primaryimage","url":"http:\/\/www.sausseron-impressionnistes.fr\/wp-content\/uploads\/2021\/03\/IMG_8016-768x1024.jpg","contentUrl":"http:\/\/www.sausseron-impressionnistes.fr\/wp-content\/uploads\/2021\/03\/IMG_8016-768x1024.jpg"},{"@type":"BreadcrumbList","@id":"https:\/\/www.sausseron-impressionnistes.fr\/index.php\/le-sausseron\/#breadcrumb","itemListElement":[{"@type":"ListItem","position":1,"name":"Accueil","item":"https:\/\/www.sausseron-impressionnistes.fr\/"},{"@type":"ListItem","position":2,"name":"La biodiversit\u00e9"}]},{"@type":"WebSite","@id":"https:\/\/www.sausseron-impressionnistes.fr\/#website","url":"https:\/\/www.sausseron-impressionnistes.fr\/","name":"Communaut\u00e9 de Communes Sausseron Impressionnistes","description":"","potentialAction":[{"@type":"SearchAction","target":{"@type":"EntryPoint","urlTemplate":"https:\/\/www.sausseron-impressionnistes.fr\/?s={search_term_string}"},"query-input":{"@type":"PropertyValueSpecification","valueRequired":true,"valueName":"search_term_string"}}],"inLanguage":"fr-FR"}]}},"_links":{"self":[{"href":"https:\/\/www.sausseron-impressionnistes.fr\/index.php\/wp-json\/wp\/v2\/pages\/59","targetHints":{"allow":["GET"]}}],"collection":[{"href":"https:\/\/www.sausseron-impressionnistes.fr\/index.php\/wp-json\/wp\/v2\/pages"}],"about":[{"href":"https:\/\/www.sausseron-impressionnistes.fr\/index.php\/wp-json\/wp\/v2\/types\/page"}],"author":[{"embeddable":true,"href":"https:\/\/www.sausseron-impressionnistes.fr\/index.php\/wp-json\/wp\/v2\/users\/1"}],"replies":[{"embeddable":true,"href":"https:\/\/www.sausseron-impressionnistes.fr\/index.php\/wp-json\/wp\/v2\/comments?post=59"}],"version-history":[{"count":4,"href":"https:\/\/www.sausseron-impressionnistes.fr\/index.php\/wp-json\/wp\/v2\/pages\/59\/revisions"}],"predecessor-version":[{"id":516,"href":"https:\/\/www.sausseron-impressionnistes.fr\/index.php\/wp-json\/wp\/v2\/pages\/59\/revisions\/516"}],"wp:attachment":[{"href":"https:\/\/www.sausseron-impressionnistes.fr\/index.php\/wp-json\/wp\/v2\/media?parent=59"}],"curies":[{"name":"wp","href":"https:\/\/api.w.org\/{rel}","templated":true}]}}