{"id":29,"date":"2021-02-25T14:25:48","date_gmt":"2021-02-25T13:25:48","guid":{"rendered":"http:\/\/www.sausseron-impressionnistes.fr\/?page_id=29"},"modified":"2026-01-08T11:19:47","modified_gmt":"2026-01-08T10:19:47","slug":"accueil","status":"publish","type":"page","link":"https:\/\/www.sausseron-impressionnistes.fr\/","title":{"rendered":"Communaut\u00e9 de Communes Sausseron Impressionnistes"},"content":{"rendered":"\n<figure class=\"wp-block-image size-large is-resized\"><img decoding=\"async\" width=\"722\" height=\"1024\" src=\"https:\/\/www.sausseron-impressionnistes.fr\/wp-content\/uploads\/2026\/01\/VOEUX-CCSI-2026-722x1024.jpg\" alt=\"\" class=\"wp-image-3538\" style=\"aspect-ratio:0.7050900650560659;width:317px;height:auto\" srcset=\"https:\/\/www.sausseron-impressionnistes.fr\/wp-content\/uploads\/2026\/01\/VOEUX-CCSI-2026-722x1024.jpg 722w, https:\/\/www.sausseron-impressionnistes.fr\/wp-content\/uploads\/2026\/01\/VOEUX-CCSI-2026-211x300.jpg 211w, https:\/\/www.sausseron-impressionnistes.fr\/wp-content\/uploads\/2026\/01\/VOEUX-CCSI-2026-768x1090.jpg 768w, https:\/\/www.sausseron-impressionnistes.fr\/wp-content\/uploads\/2026\/01\/VOEUX-CCSI-2026-1082x1536.jpg 1082w, https:\/\/www.sausseron-impressionnistes.fr\/wp-content\/uploads\/2026\/01\/VOEUX-CCSI-2026-1443x2048.jpg 1443w, https:\/\/www.sausseron-impressionnistes.fr\/wp-content\/uploads\/2026\/01\/VOEUX-CCSI-2026-scaled.jpg 1804w\" sizes=\"(max-width: 722px) 100vw, 722px\" \/><\/figure>\n\n\n\n<p><strong>Le mot de la pr\u00e9sidente<\/strong><\/p>\n\n\n\n<p>Notre Communaut\u00e9 de Communes n&rsquo;est pas un simple \u00e9tablissement public d\u2019administr\u00e9s et d\u2019\u00e9quipements, c\u2019est un \u00e9tat d\u2019esprit, un ensemble de valeurs partag\u00e9es parmi lesquelles : <strong>le bien vivre ensemble, la solidarit\u00e9, le lien social, la convivialit\u00e9 et la proximit\u00e9.<\/strong><\/p>\n\n\n\n<p>Ces 6 ann\u00e9es de mandat constituent une riche exp\u00e9rience pleine d\u2019humanit\u00e9, gr\u00e2ce \u00e0 une \u00e9quipe exceptionnelle.<br>Je souhaite adresser, dans un premier temps, mes remerciements aux 34 agents communautaires qui, tout au long de l\u2019ann\u00e9e, travaillent \u00e0 votre service et pour votre bien-\u00eatre. J\u2019associe \u00e0 ces remerciements pour leur d\u00e9vouement, l\u2019ensemble des repr\u00e9sentants des services publics ainsi que les repr\u00e9sentants de la soci\u00e9t\u00e9 civile qui \u0153uvrent quotidiennement sur notre territoire.<\/p>\n\n\n\n<p>Notre Communaut\u00e9 ne pourrait vivre ses mutations et son d\u00e9veloppement sans la pr\u00e9sence, \u00e0 nos c\u00f4t\u00e9s, de nos partenaires. Je veux citer : Les Communes membres et les services de l\u2019\u00c9tat, le Conseil R\u00e9gional, le Conseil D\u00e9partemental, le Parc Naturel R\u00e9gional du Vexin fran\u00e7ais, la Caisse d&rsquo;Allocations Familiales et la Mutualit\u00e9 Sociale Agricole. Et j\u2019y associe les corps constitu\u00e9s, \u00e0 savoir les Sapeurs-Pompiers, la Gendarmerie et les Policiers Municipaux.<\/p>\n\n\n\n<p>Si je vous parle de l\u2019\u00e9tat d\u2019esprit qui anime notre Communaut\u00e9 de Communes, il y a une autre cat\u00e9gorie de personnes qui ne partagent pas n\u00e9cessairement les m\u00eames opinions ou convictions, mais qui aiment passionn\u00e9ment leur territoire et souhaitent le faire avancer pour lui dessiner un avenir \u00e0 taille humaine, respectueux de son patrimoine et de son environnement, ce sont les \u00e9lus.<\/p>\n\n\n\n<ul class=\"wp-block-list\">\n<li>15 Maires<\/li>\n\n\n\n<li>31 Conseillers Communautaires<\/li>\n\n\n\n<li>230 Conseillers Municipaux<\/li>\n<\/ul>\n\n\n\n<p>Au carrefour de cette \u00e9quipe, je tiens \u00e0 saluer les 5 Vice-Pr\u00e9sidents pour leur engagement \u00e0 mes c\u00f4t\u00e9s :<\/p>\n\n\n\n<ul class=\"wp-block-list\">\n<li>Christophe Buatois (Maire de Nesles-la-Vall\u00e9e)<\/li>\n\n\n\n<li>Eric Coupp\u00e9 (Maire d\u2019H\u00e9douville) <\/li>\n\n\n\n<li>Stephan Lazaroff (Maire de Frouville)<\/li>\n\n\n\n<li>Claude No\u00ebl (Maire de Butry-sur-Oise)<\/li>\n\n\n\n<li>Alain Devillebichot (Maire de Labbeville)<\/li>\n<\/ul>\n\n\n\n<p>Les comp\u00e9tences et la bienveillance des \u00e9lus sont autant d\u2019atouts pr\u00e9cieux dont je mesure tous les jours l\u2019importance, ce qui me permet d&rsquo;assurer une meilleure gestion et le d\u00e9veloppement de notre magnifique territoire. <\/p>\n\n\n\n<p>Au nom du Conseil Communautaire, je vous pr\u00e9sente tous mes v\u0153ux de bonheur, de r\u00e9ussite, de satisfactions professionnelles et familiales et bien-s\u00fbr de sant\u00e9 pour cette nouvelle ann\u00e9e. Excellente ann\u00e9e 2026 !<\/p>\n\n\n\n<p><strong>Isabelle M\u00e9zi\u00e8res<br>Maire d&rsquo;Auvers-sur-Oise<br>Pr\u00e9sidente de la Communaut\u00e9 de Communes Sausseron-Impressionnistes<\/strong><\/p>\n\n\n\n<figure class=\"wp-block-image size-full is-resized\"><img decoding=\"async\" width=\"384\" height=\"134\" src=\"https:\/\/www.sausseron-impressionnistes.fr\/wp-content\/uploads\/2025\/10\/logo-CCSI.jpg\" alt=\"\" class=\"wp-image-3440\" style=\"width:183px;height:auto\" srcset=\"https:\/\/www.sausseron-impressionnistes.fr\/wp-content\/uploads\/2025\/10\/logo-CCSI.jpg 384w, https:\/\/www.sausseron-impressionnistes.fr\/wp-content\/uploads\/2025\/10\/logo-CCSI-300x105.jpg 300w\" sizes=\"(max-width: 384px) 100vw, 384px\" \/><\/figure>\n\n\n\n<div class=\"wp-block-columns is-layout-flex wp-container-core-columns-is-layout-9d6595d7 wp-block-columns-is-layout-flex\">\n<div class=\"wp-block-column is-layout-flow wp-block-column-is-layout-flow\">\n<figure class=\"wp-block-image size-large\"><img decoding=\"async\" width=\"1024\" height=\"768\" src=\"https:\/\/www.sausseron-impressionnistes.fr\/wp-content\/uploads\/2025\/12\/IMG_3469-1-1024x768.jpg\" alt=\"\" class=\"wp-image-3496\" srcset=\"https:\/\/www.sausseron-impressionnistes.fr\/wp-content\/uploads\/2025\/12\/IMG_3469-1-1024x768.jpg 1024w, https:\/\/www.sausseron-impressionnistes.fr\/wp-content\/uploads\/2025\/12\/IMG_3469-1-300x225.jpg 300w, https:\/\/www.sausseron-impressionnistes.fr\/wp-content\/uploads\/2025\/12\/IMG_3469-1-768x576.jpg 768w, https:\/\/www.sausseron-impressionnistes.fr\/wp-content\/uploads\/2025\/12\/IMG_3469-1-1536x1152.jpg 1536w, https:\/\/www.sausseron-impressionnistes.fr\/wp-content\/uploads\/2025\/12\/IMG_3469-1-2048x1536.jpg 2048w\" sizes=\"(max-width: 706px) 89vw, (max-width: 767px) 82vw, 740px\" \/><\/figure>\n<\/div>\n<\/div>\n\n\n\n<h1 class=\"wp-block-heading\">H\u00f4tel communautaire Sausseron Impressionnistes<\/h1>\n\n\n\n<p><strong>DEMENAGEMENT DES BUREAUX COMMUNAUTAIRES &nbsp;<\/strong><\/p>\n\n\n\n<p><strong>32 rue Amp\u00e8re dans le parc d&rsquo;activit\u00e9s \u00ab\u00a0les portes du Vexin \u00a0\u00bb \u00e0 Ennery 95 300.<\/strong><\/p>\n\n\n\n<p><\/p>\n","protected":false},"excerpt":{"rendered":"<p>Le mot de la pr\u00e9sidente Notre Communaut\u00e9 de Communes n&rsquo;est pas un simple \u00e9tablissement public d\u2019administr\u00e9s et d\u2019\u00e9quipements, c\u2019est un \u00e9tat d\u2019esprit, un ensemble de valeurs partag\u00e9es parmi lesquelles : le bien vivre ensemble, la solidarit\u00e9, le lien social, la convivialit\u00e9 et la proximit\u00e9. Ces 6 ann\u00e9es de mandat constituent une riche exp\u00e9rience pleine d\u2019humanit\u00e9, &hellip; <\/p>\n<p class=\"link-more\"><a href=\"https:\/\/www.sausseron-impressionnistes.fr\/\" class=\"more-link\">Continuer la lecture<span class=\"screen-reader-text\"> de &laquo;&nbsp;Communaut\u00e9 de Communes Sausseron Impressionnistes&nbsp;&raquo;<\/span><\/a><\/p>\n","protected":false},"author":1,"featured_media":0,"parent":0,"menu_order":0,"comment_status":"closed","ping_status":"closed","template":"","meta":{"footnotes":""},"class_list":["post-29","page","type-page","status-publish","hentry"],"yoast_head":"<!-- This site is optimized with the Yoast SEO plugin v27.4 - https:\/\/yoast.com\/product\/yoast-seo-wordpress\/ -->\n<title>Communaut\u00e9 de Communes Sausseron Impressionnistes - Communaut\u00e9 de Communes Sausseron Impressionnistes<\/title>\n<meta name=\"robots\" content=\"index, follow, max-snippet:-1, max-image-preview:large, max-video-preview:-1\" \/>\n<link rel=\"canonical\" href=\"https:\/\/www.sausseron-impressionnistes.fr\/\" \/>\n<meta property=\"og:locale\" content=\"fr_FR\" \/>\n<meta property=\"og:type\" content=\"article\" \/>\n<meta property=\"og:title\" content=\"Communaut\u00e9 de Communes Sausseron Impressionnistes - Communaut\u00e9 de Communes Sausseron Impressionnistes\" \/>\n<meta property=\"og:description\" content=\"Le mot de la pr\u00e9sidente Notre Communaut\u00e9 de Communes n&rsquo;est pas un simple \u00e9tablissement public d\u2019administr\u00e9s et d\u2019\u00e9quipements, c\u2019est un \u00e9tat d\u2019esprit, un ensemble de valeurs partag\u00e9es parmi lesquelles : le bien vivre ensemble, la solidarit\u00e9, le lien social, la convivialit\u00e9 et la proximit\u00e9. Ces 6 ann\u00e9es de mandat constituent une riche exp\u00e9rience pleine d\u2019humanit\u00e9, &hellip; Continuer la lecture de &laquo;&nbsp;Communaut\u00e9 de Communes Sausseron Impressionnistes&nbsp;&raquo;\" \/>\n<meta property=\"og:url\" content=\"https:\/\/www.sausseron-impressionnistes.fr\/\" \/>\n<meta property=\"og:site_name\" content=\"Communaut\u00e9 de Communes Sausseron Impressionnistes\" \/>\n<meta property=\"article:modified_time\" content=\"2026-01-08T10:19:47+00:00\" \/>\n<meta property=\"og:image\" content=\"https:\/\/www.sausseron-impressionnistes.fr\/wp-content\/uploads\/2026\/01\/VOEUX-CCSI-2026-scaled.jpg\" \/>\n\t<meta property=\"og:image:width\" content=\"1804\" \/>\n\t<meta property=\"og:image:height\" content=\"2560\" \/>\n\t<meta property=\"og:image:type\" content=\"image\/jpeg\" \/>\n<meta name=\"twitter:card\" content=\"summary_large_image\" \/>\n<meta name=\"twitter:label1\" content=\"Dur\u00e9e de lecture estim\u00e9e\" \/>\n\t<meta name=\"twitter:data1\" content=\"3 minutes\" \/>\n<script type=\"application\/ld+json\" class=\"yoast-schema-graph\">{\"@context\":\"https:\\\/\\\/schema.org\",\"@graph\":[{\"@type\":\"WebPage\",\"@id\":\"https:\\\/\\\/www.sausseron-impressionnistes.fr\\\/\",\"url\":\"https:\\\/\\\/www.sausseron-impressionnistes.fr\\\/\",\"name\":\"Communaut\u00e9 de Communes Sausseron Impressionnistes - Communaut\u00e9 de Communes Sausseron Impressionnistes\",\"isPartOf\":{\"@id\":\"https:\\\/\\\/www.sausseron-impressionnistes.fr\\\/#website\"},\"primaryImageOfPage\":{\"@id\":\"https:\\\/\\\/www.sausseron-impressionnistes.fr\\\/#primaryimage\"},\"image\":{\"@id\":\"https:\\\/\\\/www.sausseron-impressionnistes.fr\\\/#primaryimage\"},\"thumbnailUrl\":\"https:\\\/\\\/www.sausseron-impressionnistes.fr\\\/wp-content\\\/uploads\\\/2026\\\/01\\\/VOEUX-CCSI-2026-722x1024.jpg\",\"datePublished\":\"2021-02-25T13:25:48+00:00\",\"dateModified\":\"2026-01-08T10:19:47+00:00\",\"breadcrumb\":{\"@id\":\"https:\\\/\\\/www.sausseron-impressionnistes.fr\\\/#breadcrumb\"},\"inLanguage\":\"fr-FR\",\"potentialAction\":[{\"@type\":\"ReadAction\",\"target\":[\"https:\\\/\\\/www.sausseron-impressionnistes.fr\\\/\"]}]},{\"@type\":\"ImageObject\",\"inLanguage\":\"fr-FR\",\"@id\":\"https:\\\/\\\/www.sausseron-impressionnistes.fr\\\/#primaryimage\",\"url\":\"https:\\\/\\\/www.sausseron-impressionnistes.fr\\\/wp-content\\\/uploads\\\/2026\\\/01\\\/VOEUX-CCSI-2026-scaled.jpg\",\"contentUrl\":\"https:\\\/\\\/www.sausseron-impressionnistes.fr\\\/wp-content\\\/uploads\\\/2026\\\/01\\\/VOEUX-CCSI-2026-scaled.jpg\",\"width\":1804,\"height\":2560},{\"@type\":\"BreadcrumbList\",\"@id\":\"https:\\\/\\\/www.sausseron-impressionnistes.fr\\\/#breadcrumb\",\"itemListElement\":[{\"@type\":\"ListItem\",\"position\":1,\"name\":\"Accueil\",\"item\":\"https:\\\/\\\/www.sausseron-impressionnistes.fr\\\/\"},{\"@type\":\"ListItem\",\"position\":2,\"name\":\"Communaut\u00e9 de Communes Sausseron Impressionnistes\"}]},{\"@type\":\"WebSite\",\"@id\":\"https:\\\/\\\/www.sausseron-impressionnistes.fr\\\/#website\",\"url\":\"https:\\\/\\\/www.sausseron-impressionnistes.fr\\\/\",\"name\":\"Communaut\u00e9 de Communes Sausseron Impressionnistes\",\"description\":\"\",\"potentialAction\":[{\"@type\":\"SearchAction\",\"target\":{\"@type\":\"EntryPoint\",\"urlTemplate\":\"https:\\\/\\\/www.sausseron-impressionnistes.fr\\\/?s={search_term_string}\"},\"query-input\":{\"@type\":\"PropertyValueSpecification\",\"valueRequired\":true,\"valueName\":\"search_term_string\"}}],\"inLanguage\":\"fr-FR\"}]}<\/script>\n<!-- \/ Yoast SEO plugin. -->","yoast_head_json":{"title":"Communaut\u00e9 de Communes Sausseron Impressionnistes - Communaut\u00e9 de Communes Sausseron Impressionnistes","robots":{"index":"index","follow":"follow","max-snippet":"max-snippet:-1","max-image-preview":"max-image-preview:large","max-video-preview":"max-video-preview:-1"},"canonical":"https:\/\/www.sausseron-impressionnistes.fr\/","og_locale":"fr_FR","og_type":"article","og_title":"Communaut\u00e9 de Communes Sausseron Impressionnistes - Communaut\u00e9 de Communes Sausseron Impressionnistes","og_description":"Le mot de la pr\u00e9sidente Notre Communaut\u00e9 de Communes n&rsquo;est pas un simple \u00e9tablissement public d\u2019administr\u00e9s et d\u2019\u00e9quipements, c\u2019est un \u00e9tat d\u2019esprit, un ensemble de valeurs partag\u00e9es parmi lesquelles : le bien vivre ensemble, la solidarit\u00e9, le lien social, la convivialit\u00e9 et la proximit\u00e9. Ces 6 ann\u00e9es de mandat constituent une riche exp\u00e9rience pleine d\u2019humanit\u00e9, &hellip; Continuer la lecture de &laquo;&nbsp;Communaut\u00e9 de Communes Sausseron Impressionnistes&nbsp;&raquo;","og_url":"https:\/\/www.sausseron-impressionnistes.fr\/","og_site_name":"Communaut\u00e9 de Communes Sausseron Impressionnistes","article_modified_time":"2026-01-08T10:19:47+00:00","og_image":[{"width":1804,"height":2560,"url":"https:\/\/www.sausseron-impressionnistes.fr\/wp-content\/uploads\/2026\/01\/VOEUX-CCSI-2026-scaled.jpg","type":"image\/jpeg"}],"twitter_card":"summary_large_image","twitter_misc":{"Dur\u00e9e de lecture estim\u00e9e":"3 minutes"},"schema":{"@context":"https:\/\/schema.org","@graph":[{"@type":"WebPage","@id":"https:\/\/www.sausseron-impressionnistes.fr\/","url":"https:\/\/www.sausseron-impressionnistes.fr\/","name":"Communaut\u00e9 de Communes Sausseron Impressionnistes - Communaut\u00e9 de Communes Sausseron Impressionnistes","isPartOf":{"@id":"https:\/\/www.sausseron-impressionnistes.fr\/#website"},"primaryImageOfPage":{"@id":"https:\/\/www.sausseron-impressionnistes.fr\/#primaryimage"},"image":{"@id":"https:\/\/www.sausseron-impressionnistes.fr\/#primaryimage"},"thumbnailUrl":"https:\/\/www.sausseron-impressionnistes.fr\/wp-content\/uploads\/2026\/01\/VOEUX-CCSI-2026-722x1024.jpg","datePublished":"2021-02-25T13:25:48+00:00","dateModified":"2026-01-08T10:19:47+00:00","breadcrumb":{"@id":"https:\/\/www.sausseron-impressionnistes.fr\/#breadcrumb"},"inLanguage":"fr-FR","potentialAction":[{"@type":"ReadAction","target":["https:\/\/www.sausseron-impressionnistes.fr\/"]}]},{"@type":"ImageObject","inLanguage":"fr-FR","@id":"https:\/\/www.sausseron-impressionnistes.fr\/#primaryimage","url":"https:\/\/www.sausseron-impressionnistes.fr\/wp-content\/uploads\/2026\/01\/VOEUX-CCSI-2026-scaled.jpg","contentUrl":"https:\/\/www.sausseron-impressionnistes.fr\/wp-content\/uploads\/2026\/01\/VOEUX-CCSI-2026-scaled.jpg","width":1804,"height":2560},{"@type":"BreadcrumbList","@id":"https:\/\/www.sausseron-impressionnistes.fr\/#breadcrumb","itemListElement":[{"@type":"ListItem","position":1,"name":"Accueil","item":"https:\/\/www.sausseron-impressionnistes.fr\/"},{"@type":"ListItem","position":2,"name":"Communaut\u00e9 de Communes Sausseron Impressionnistes"}]},{"@type":"WebSite","@id":"https:\/\/www.sausseron-impressionnistes.fr\/#website","url":"https:\/\/www.sausseron-impressionnistes.fr\/","name":"Communaut\u00e9 de Communes Sausseron Impressionnistes","description":"","potentialAction":[{"@type":"SearchAction","target":{"@type":"EntryPoint","urlTemplate":"https:\/\/www.sausseron-impressionnistes.fr\/?s={search_term_string}"},"query-input":{"@type":"PropertyValueSpecification","valueRequired":true,"valueName":"search_term_string"}}],"inLanguage":"fr-FR"}]}},"_links":{"self":[{"href":"https:\/\/www.sausseron-impressionnistes.fr\/index.php\/wp-json\/wp\/v2\/pages\/29","targetHints":{"allow":["GET"]}}],"collection":[{"href":"https:\/\/www.sausseron-impressionnistes.fr\/index.php\/wp-json\/wp\/v2\/pages"}],"about":[{"href":"https:\/\/www.sausseron-impressionnistes.fr\/index.php\/wp-json\/wp\/v2\/types\/page"}],"author":[{"embeddable":true,"href":"https:\/\/www.sausseron-impressionnistes.fr\/index.php\/wp-json\/wp\/v2\/users\/1"}],"replies":[{"embeddable":true,"href":"https:\/\/www.sausseron-impressionnistes.fr\/index.php\/wp-json\/wp\/v2\/comments?post=29"}],"version-history":[{"count":63,"href":"https:\/\/www.sausseron-impressionnistes.fr\/index.php\/wp-json\/wp\/v2\/pages\/29\/revisions"}],"predecessor-version":[{"id":3539,"href":"https:\/\/www.sausseron-impressionnistes.fr\/index.php\/wp-json\/wp\/v2\/pages\/29\/revisions\/3539"}],"wp:attachment":[{"href":"https:\/\/www.sausseron-impressionnistes.fr\/index.php\/wp-json\/wp\/v2\/media?parent=29"}],"curies":[{"name":"wp","href":"https:\/\/api.w.org\/{rel}","templated":true}]}}