{"id":283,"date":"2021-03-01T10:30:28","date_gmt":"2021-03-01T09:30:28","guid":{"rendered":"http:\/\/www.sausseron-impressionnistes.fr\/?page_id=283"},"modified":"2023-12-21T19:52:21","modified_gmt":"2023-12-21T18:52:21","slug":"commission-locale-devaluation-des-charges-transferees","status":"publish","type":"page","link":"https:\/\/www.sausseron-impressionnistes.fr\/index.php\/commission-locale-devaluation-des-charges-transferees\/","title":{"rendered":"Commission locale d&rsquo;\u00e9valuation des charges transf\u00e9r\u00e9es"},"content":{"rendered":"\n<p>Pr\u00e9sident Isabelle M\u00e9zi\u00e8res<\/p>\n\n\n\n<figure class=\"wp-block-table\"><table><tbody><tr><td class=\"has-text-align-center\" data-align=\"center\"><strong><span style=\"background-color:rgba(0, 0, 0, 0)\" class=\"has-inline-color has-luminous-vivid-amber-color\">ARRONVILLE<\/span><\/strong><br>Alain Pasquet<\/td><td class=\"has-text-align-center\" data-align=\"center\"><strong><span class=\"has-inline-color has-luminous-vivid-amber-color\">G\u00c9NICOURT<\/span><\/strong><br>Deslandes Olivier<\/td><td class=\"has-text-align-center\" data-align=\"center\"><span class=\"has-inline-color has-luminous-vivid-amber-color\"><strong>M\u00c9NOUVILLE<\/strong><\/span><br>Jallet Henri<\/td><\/tr><tr><td class=\"has-text-align-center\" data-align=\"center\"><strong><span class=\"has-inline-color has-luminous-vivid-amber-color\">BUTRY-SUR-OISE<br><\/span><\/strong>No\u00ebl Claude<\/td><td class=\"has-text-align-center\" data-align=\"center\"><strong><span class=\"has-inline-color has-luminous-vivid-amber-color\">H\u00c9DOUVILLE<\/span><\/strong><br>Coupp\u00e9 Eric<\/td><td class=\"has-text-align-center\" data-align=\"center\"><strong><span class=\"has-inline-color has-luminous-vivid-amber-color\">NESLES-LA-VALL\u00c9E<br><\/span><\/strong>Buatois Christophe<\/td><\/tr><tr><td class=\"has-text-align-center\" data-align=\"center\"><strong><span class=\"has-inline-color has-luminous-vivid-amber-color\">ENNERY<\/span><\/strong><br>Laurent Matthieu<\/td><td class=\"has-text-align-center\" data-align=\"center\"><strong><span class=\"has-inline-color has-luminous-vivid-amber-color\">H\u00c9ROUVILLE-EN-VEXIN<br><\/span><\/strong>Baert Eric<\/td><td class=\"has-text-align-center\" data-align=\"center\"><strong><span class=\"has-inline-color has-luminous-vivid-amber-color\">VALLANGOUJARD<br><\/span><\/strong>Vaillant Alain<\/td><\/tr><tr><td class=\"has-text-align-center\" data-align=\"center\"><strong><span class=\"has-inline-color has-luminous-vivid-amber-color\">\u00c9PIAIS-RHUS<br><\/span><\/strong>Moha Brahim<\/td><td class=\"has-text-align-center\" data-align=\"center\"><strong><span class=\"has-inline-color has-luminous-vivid-amber-color\">LABBEVILLE<\/span><\/strong><br>Devillebichot Alain<\/td><td class=\"has-text-align-center\" data-align=\"center\"><strong><span class=\"has-inline-color has-luminous-vivid-amber-color\">VALMONDOIS<\/span><\/strong><br>Huisman Bruno<\/td><\/tr><tr><td class=\"has-text-align-center\" data-align=\"center\"><strong><span class=\"has-inline-color has-luminous-vivid-amber-color\">FROUVILLE<\/span><\/strong><br>Lazaroff Stephan<\/td><td class=\"has-text-align-center\" data-align=\"center\"><strong><span style=\"background-color:rgba(0, 0, 0, 0)\" class=\"has-inline-color has-luminous-vivid-amber-color\">LIVILLIERS<\/span><\/strong><br>Danconnier Fran\u00e7ois<\/td><td class=\"has-text-align-center\" data-align=\"center\"><\/td><\/tr><\/tbody><\/table><\/figure>\n","protected":false},"excerpt":{"rendered":"<p>Pr\u00e9sident Isabelle M\u00e9zi\u00e8res ARRONVILLEAlain Pasquet G\u00c9NICOURTDeslandes Olivier M\u00c9NOUVILLEJallet Henri BUTRY-SUR-OISENo\u00ebl Claude H\u00c9DOUVILLECoupp\u00e9 Eric NESLES-LA-VALL\u00c9EBuatois Christophe ENNERYLaurent Matthieu H\u00c9ROUVILLE-EN-VEXINBaert Eric VALLANGOUJARDVaillant Alain \u00c9PIAIS-RHUSMoha Brahim LABBEVILLEDevillebichot Alain VALMONDOISHuisman Bruno FROUVILLELazaroff Stephan LIVILLIERSDanconnier Fran\u00e7ois<\/p>\n","protected":false},"author":1,"featured_media":0,"parent":0,"menu_order":0,"comment_status":"closed","ping_status":"closed","template":"","meta":{"footnotes":""},"class_list":["post-283","page","type-page","status-publish","hentry"],"yoast_head":"<!-- This site is optimized with the Yoast SEO plugin v27.5 - https:\/\/yoast.com\/product\/yoast-seo-wordpress\/ -->\n<title>Commission locale d&#039;\u00e9valuation des charges transf\u00e9r\u00e9es - Communaut\u00e9 de Communes Sausseron Impressionnistes<\/title>\n<meta name=\"robots\" content=\"index, follow, max-snippet:-1, max-image-preview:large, max-video-preview:-1\" \/>\n<link rel=\"canonical\" href=\"https:\/\/www.sausseron-impressionnistes.fr\/index.php\/commission-locale-devaluation-des-charges-transferees\/\" \/>\n<meta property=\"og:locale\" content=\"fr_FR\" \/>\n<meta property=\"og:type\" content=\"article\" \/>\n<meta property=\"og:title\" content=\"Commission locale d&#039;\u00e9valuation des charges transf\u00e9r\u00e9es - Communaut\u00e9 de Communes Sausseron Impressionnistes\" \/>\n<meta property=\"og:description\" content=\"Pr\u00e9sident Isabelle M\u00e9zi\u00e8res ARRONVILLEAlain Pasquet G\u00c9NICOURTDeslandes Olivier M\u00c9NOUVILLEJallet Henri BUTRY-SUR-OISENo\u00ebl Claude H\u00c9DOUVILLECoupp\u00e9 Eric NESLES-LA-VALL\u00c9EBuatois Christophe ENNERYLaurent Matthieu H\u00c9ROUVILLE-EN-VEXINBaert Eric VALLANGOUJARDVaillant Alain \u00c9PIAIS-RHUSMoha Brahim LABBEVILLEDevillebichot Alain VALMONDOISHuisman Bruno FROUVILLELazaroff Stephan LIVILLIERSDanconnier Fran\u00e7ois\" \/>\n<meta property=\"og:url\" content=\"https:\/\/www.sausseron-impressionnistes.fr\/index.php\/commission-locale-devaluation-des-charges-transferees\/\" \/>\n<meta property=\"og:site_name\" content=\"Communaut\u00e9 de Communes Sausseron Impressionnistes\" \/>\n<meta property=\"article:modified_time\" content=\"2023-12-21T18:52:21+00:00\" \/>\n<meta name=\"twitter:card\" content=\"summary_large_image\" \/>\n<meta name=\"twitter:label1\" content=\"Dur\u00e9e de lecture estim\u00e9e\" \/>\n\t<meta name=\"twitter:data1\" content=\"1 minute\" \/>\n<script type=\"application\/ld+json\" class=\"yoast-schema-graph\">{\"@context\":\"https:\\\/\\\/schema.org\",\"@graph\":[{\"@type\":\"WebPage\",\"@id\":\"https:\\\/\\\/www.sausseron-impressionnistes.fr\\\/index.php\\\/commission-locale-devaluation-des-charges-transferees\\\/\",\"url\":\"https:\\\/\\\/www.sausseron-impressionnistes.fr\\\/index.php\\\/commission-locale-devaluation-des-charges-transferees\\\/\",\"name\":\"Commission locale d'\u00e9valuation des charges transf\u00e9r\u00e9es - Communaut\u00e9 de Communes Sausseron Impressionnistes\",\"isPartOf\":{\"@id\":\"https:\\\/\\\/www.sausseron-impressionnistes.fr\\\/#website\"},\"datePublished\":\"2021-03-01T09:30:28+00:00\",\"dateModified\":\"2023-12-21T18:52:21+00:00\",\"breadcrumb\":{\"@id\":\"https:\\\/\\\/www.sausseron-impressionnistes.fr\\\/index.php\\\/commission-locale-devaluation-des-charges-transferees\\\/#breadcrumb\"},\"inLanguage\":\"fr-FR\",\"potentialAction\":[{\"@type\":\"ReadAction\",\"target\":[\"https:\\\/\\\/www.sausseron-impressionnistes.fr\\\/index.php\\\/commission-locale-devaluation-des-charges-transferees\\\/\"]}]},{\"@type\":\"BreadcrumbList\",\"@id\":\"https:\\\/\\\/www.sausseron-impressionnistes.fr\\\/index.php\\\/commission-locale-devaluation-des-charges-transferees\\\/#breadcrumb\",\"itemListElement\":[{\"@type\":\"ListItem\",\"position\":1,\"name\":\"Accueil\",\"item\":\"https:\\\/\\\/www.sausseron-impressionnistes.fr\\\/\"},{\"@type\":\"ListItem\",\"position\":2,\"name\":\"Commission locale d&rsquo;\u00e9valuation des charges transf\u00e9r\u00e9es\"}]},{\"@type\":\"WebSite\",\"@id\":\"https:\\\/\\\/www.sausseron-impressionnistes.fr\\\/#website\",\"url\":\"https:\\\/\\\/www.sausseron-impressionnistes.fr\\\/\",\"name\":\"Communaut\u00e9 de Communes Sausseron Impressionnistes\",\"description\":\"\",\"potentialAction\":[{\"@type\":\"SearchAction\",\"target\":{\"@type\":\"EntryPoint\",\"urlTemplate\":\"https:\\\/\\\/www.sausseron-impressionnistes.fr\\\/?s={search_term_string}\"},\"query-input\":{\"@type\":\"PropertyValueSpecification\",\"valueRequired\":true,\"valueName\":\"search_term_string\"}}],\"inLanguage\":\"fr-FR\"}]}<\/script>\n<!-- \/ Yoast SEO plugin. -->","yoast_head_json":{"title":"Commission locale d'\u00e9valuation des charges transf\u00e9r\u00e9es - Communaut\u00e9 de Communes Sausseron Impressionnistes","robots":{"index":"index","follow":"follow","max-snippet":"max-snippet:-1","max-image-preview":"max-image-preview:large","max-video-preview":"max-video-preview:-1"},"canonical":"https:\/\/www.sausseron-impressionnistes.fr\/index.php\/commission-locale-devaluation-des-charges-transferees\/","og_locale":"fr_FR","og_type":"article","og_title":"Commission locale d'\u00e9valuation des charges transf\u00e9r\u00e9es - Communaut\u00e9 de Communes Sausseron Impressionnistes","og_description":"Pr\u00e9sident Isabelle M\u00e9zi\u00e8res ARRONVILLEAlain Pasquet G\u00c9NICOURTDeslandes Olivier M\u00c9NOUVILLEJallet Henri BUTRY-SUR-OISENo\u00ebl Claude H\u00c9DOUVILLECoupp\u00e9 Eric NESLES-LA-VALL\u00c9EBuatois Christophe ENNERYLaurent Matthieu H\u00c9ROUVILLE-EN-VEXINBaert Eric VALLANGOUJARDVaillant Alain \u00c9PIAIS-RHUSMoha Brahim LABBEVILLEDevillebichot Alain VALMONDOISHuisman Bruno FROUVILLELazaroff Stephan LIVILLIERSDanconnier Fran\u00e7ois","og_url":"https:\/\/www.sausseron-impressionnistes.fr\/index.php\/commission-locale-devaluation-des-charges-transferees\/","og_site_name":"Communaut\u00e9 de Communes Sausseron Impressionnistes","article_modified_time":"2023-12-21T18:52:21+00:00","twitter_card":"summary_large_image","twitter_misc":{"Dur\u00e9e de lecture estim\u00e9e":"1 minute"},"schema":{"@context":"https:\/\/schema.org","@graph":[{"@type":"WebPage","@id":"https:\/\/www.sausseron-impressionnistes.fr\/index.php\/commission-locale-devaluation-des-charges-transferees\/","url":"https:\/\/www.sausseron-impressionnistes.fr\/index.php\/commission-locale-devaluation-des-charges-transferees\/","name":"Commission locale d'\u00e9valuation des charges transf\u00e9r\u00e9es - Communaut\u00e9 de Communes Sausseron Impressionnistes","isPartOf":{"@id":"https:\/\/www.sausseron-impressionnistes.fr\/#website"},"datePublished":"2021-03-01T09:30:28+00:00","dateModified":"2023-12-21T18:52:21+00:00","breadcrumb":{"@id":"https:\/\/www.sausseron-impressionnistes.fr\/index.php\/commission-locale-devaluation-des-charges-transferees\/#breadcrumb"},"inLanguage":"fr-FR","potentialAction":[{"@type":"ReadAction","target":["https:\/\/www.sausseron-impressionnistes.fr\/index.php\/commission-locale-devaluation-des-charges-transferees\/"]}]},{"@type":"BreadcrumbList","@id":"https:\/\/www.sausseron-impressionnistes.fr\/index.php\/commission-locale-devaluation-des-charges-transferees\/#breadcrumb","itemListElement":[{"@type":"ListItem","position":1,"name":"Accueil","item":"https:\/\/www.sausseron-impressionnistes.fr\/"},{"@type":"ListItem","position":2,"name":"Commission locale d&rsquo;\u00e9valuation des charges transf\u00e9r\u00e9es"}]},{"@type":"WebSite","@id":"https:\/\/www.sausseron-impressionnistes.fr\/#website","url":"https:\/\/www.sausseron-impressionnistes.fr\/","name":"Communaut\u00e9 de Communes Sausseron Impressionnistes","description":"","potentialAction":[{"@type":"SearchAction","target":{"@type":"EntryPoint","urlTemplate":"https:\/\/www.sausseron-impressionnistes.fr\/?s={search_term_string}"},"query-input":{"@type":"PropertyValueSpecification","valueRequired":true,"valueName":"search_term_string"}}],"inLanguage":"fr-FR"}]}},"_links":{"self":[{"href":"https:\/\/www.sausseron-impressionnistes.fr\/index.php\/wp-json\/wp\/v2\/pages\/283","targetHints":{"allow":["GET"]}}],"collection":[{"href":"https:\/\/www.sausseron-impressionnistes.fr\/index.php\/wp-json\/wp\/v2\/pages"}],"about":[{"href":"https:\/\/www.sausseron-impressionnistes.fr\/index.php\/wp-json\/wp\/v2\/types\/page"}],"author":[{"embeddable":true,"href":"https:\/\/www.sausseron-impressionnistes.fr\/index.php\/wp-json\/wp\/v2\/users\/1"}],"replies":[{"embeddable":true,"href":"https:\/\/www.sausseron-impressionnistes.fr\/index.php\/wp-json\/wp\/v2\/comments?post=283"}],"version-history":[{"count":3,"href":"https:\/\/www.sausseron-impressionnistes.fr\/index.php\/wp-json\/wp\/v2\/pages\/283\/revisions"}],"predecessor-version":[{"id":2604,"href":"https:\/\/www.sausseron-impressionnistes.fr\/index.php\/wp-json\/wp\/v2\/pages\/283\/revisions\/2604"}],"wp:attachment":[{"href":"https:\/\/www.sausseron-impressionnistes.fr\/index.php\/wp-json\/wp\/v2\/media?parent=283"}],"curies":[{"name":"wp","href":"https:\/\/api.w.org\/{rel}","templated":true}]}}