{"id":251,"date":"2021-03-01T10:28:21","date_gmt":"2021-03-01T09:28:21","guid":{"rendered":"http:\/\/www.sausseron-impressionnistes.fr\/?page_id=251"},"modified":"2025-10-16T11:51:29","modified_gmt":"2025-10-16T09:51:29","slug":"autres-lieux-culturels-2","status":"publish","type":"page","link":"https:\/\/www.sausseron-impressionnistes.fr\/index.php\/autres-lieux-culturels-2\/","title":{"rendered":"Autres lieux culturels"},"content":{"rendered":"<div class=\"wp-block-image is-style-rounded\">\n<figure class=\"alignright size-large is-resized\"><img decoding=\"async\" width=\"1024\" height=\"768\" src=\"https:\/\/www.sausseron-impressionnistes.fr\/wp-content\/uploads\/2021\/03\/CHATEAU-1024x768.jpg\" alt=\"\" class=\"wp-image-441\" style=\"width:387px;height:290px\" srcset=\"https:\/\/www.sausseron-impressionnistes.fr\/wp-content\/uploads\/2021\/03\/CHATEAU-1024x768.jpg 1024w, https:\/\/www.sausseron-impressionnistes.fr\/wp-content\/uploads\/2021\/03\/CHATEAU-300x225.jpg 300w, https:\/\/www.sausseron-impressionnistes.fr\/wp-content\/uploads\/2021\/03\/CHATEAU-768x576.jpg 768w, https:\/\/www.sausseron-impressionnistes.fr\/wp-content\/uploads\/2021\/03\/CHATEAU-1536x1152.jpg 1536w, https:\/\/www.sausseron-impressionnistes.fr\/wp-content\/uploads\/2021\/03\/CHATEAU-2048x1536.jpg 2048w\" sizes=\"(max-width: 706px) 89vw, (max-width: 767px) 82vw, 740px\" \/><\/figure>\n<\/div>\n\n\n<p><strong><span style=\"background-color:rgba(0, 0, 0, 0);color:#fd1057\" class=\"has-inline-color\">CH\u00c2TEAU D\u2019AUVERS<\/span><\/strong><\/p>\n\n\n\n<p><strong><span style=\"color:#fd1057\" class=\"has-inline-color\">Rue de L\u00e9ry<\/span><\/strong><\/p>\n\n\n\n<p><strong><span style=\"background-color:rgba(0, 0, 0, 0);color:#fd1057\" class=\"has-inline-color\">01 34 48 48 48<\/span><\/strong><\/p>\n\n\n\n<p>Le ch\u00e2teau d\u2019Auvers-sur-Oise, propri\u00e9t\u00e9 du Conseil d\u00e9partemental du Val d\u2019Oise, accueille une&nbsp;<strong>exposition exceptionnelle consacr\u00e9e aux quatre derni\u00e8res ann\u00e9es de la vie de Van Gogh.<\/strong><\/p>\n\n\n\n<p><strong>R\u00e9servation fortement recommand\u00e9e via la billetterie en ligne.<\/strong> <\/p>\n\n\n\n<p>Billetterie :&nbsp;<a href=\"https:\/\/musees-valdoise.oxygeno.fr\/\">https:\/\/musees-valdoise.oxygeno.fr\/<\/a><\/p>\n\n\n\n<p>Ce nouveau parcours permet \u00e0 ses visiteurs de d\u00e9couvrir les explorations g\u00e9ographiques et artistiques de Van Gogh en France de 1886 \u00e0 1890, Paris, Arles, Saint-R\u00e9my-de-Provence avec un focus particulier sur son s\u00e9jour \u00e0 Auvers-sur-Oise, o\u00f9 il a cr\u00e9\u00e9 plus de 75 tableaux en moins de 70 jours,<\/p>\n\n\n\n<p>M\u00ealant, num\u00e9rique, \u0153uvres originales de peintres contemporains de Van Gogh, l\u2019<strong>exposition d\u00e9voile les sources d\u2019inspiration de l\u2019artiste, \u00e0 travers une sc\u00e9nographie m\u00ealant num\u00e9rique et \u0153uvres originales au c\u0153ur de l\u2019\u0153uvre du g\u00e9nie.<\/strong><\/p>\n\n\n\n<p>Ouvert du mardi au dimanche 10h-17h<\/p>\n\n\n\n<p>12\u20ac &#8211; plein tarif, 7.5\u20ac &#8211; tarif r\u00e9duit<\/p>\n\n\n\n<p>Gratuit pour les moins de 7 ans<\/p>\n\n\n\n<hr class=\"wp-block-separator has-alpha-channel-opacity\"\/>\n\n\n\n<p><\/p>\n\n\n<div class=\"wp-block-image is-style-rounded\">\n<figure class=\"alignright size-large is-resized\"><img decoding=\"async\" width=\"768\" height=\"1024\" src=\"https:\/\/www.sausseron-impressionnistes.fr\/wp-content\/uploads\/2021\/03\/ravaoux-768x1024.jpg\" alt=\"\" class=\"wp-image-442\" style=\"width:324px;height:431px\" srcset=\"https:\/\/www.sausseron-impressionnistes.fr\/wp-content\/uploads\/2021\/03\/ravaoux-768x1024.jpg 768w, https:\/\/www.sausseron-impressionnistes.fr\/wp-content\/uploads\/2021\/03\/ravaoux-225x300.jpg 225w, https:\/\/www.sausseron-impressionnistes.fr\/wp-content\/uploads\/2021\/03\/ravaoux-1152x1536.jpg 1152w, https:\/\/www.sausseron-impressionnistes.fr\/wp-content\/uploads\/2021\/03\/ravaoux-1536x2048.jpg 1536w, https:\/\/www.sausseron-impressionnistes.fr\/wp-content\/uploads\/2021\/03\/ravaoux-scaled.jpg 1920w\" sizes=\"(max-width: 706px) 89vw, (max-width: 767px) 82vw, 740px\" \/><\/figure>\n<\/div>\n\n\n<p><strong><span style=\"color:#fd1057\" class=\"has-inline-color\">AUBERGE RAVOUX \/ CHAMBRE DE VAN GOGH<\/span><\/strong><\/p>\n\n\n\n<p><strong><span style=\"color:#fd1057\" class=\"has-inline-color\">(Class\u00e9e Monument Historique)<\/span><\/strong><\/p>\n\n\n\n<p><strong><span style=\"color:#fd1057\" class=\"has-inline-color\">Place de la Mairie<\/span><\/strong><\/p>\n\n\n\n<p><strong><span style=\"color:#fd1057\" class=\"has-inline-color\">95430 Auvers-sur-Oise<\/span><\/strong><\/p>\n\n\n\n<p><strong><span style=\"color:#fd1057\" class=\"has-inline-color\">01 30 36 60 60<\/span><\/strong><\/p>\n\n\n\n<p>L\u2019\u00e2me du peintre vibre encore sous les combles de l\u2019Auberge Ravoux o\u00f9 il v\u00e9cut ses 70 derniers jours. Dans la chambre n\u00b05 qu\u2019il occupait, la gloire de Van Gogh c\u00e8de le pas \u00e0 une atmosph\u00e8re d\u2019intimit\u00e9. Chaque ann\u00e9e, des visiteurs-p\u00e8lerins du monde entier viennent d\u00e9couvrir la chambre de Vincent van Gogh, enclave de silence o\u00f9 la fr\u00e9n\u00e9sie se trouve suspendue.<\/p>\n\n\n\n<p>Ouvert de mi- mars \u00e0 mi-novembre, du mercredi au dimanche 10h-18h<\/p>\n\n\n\n<p>tarif : 10\u20ac &#8211; plein tarif      8\u20ac &#8211; tarif r\u00e9duit<\/p>\n\n\n\n<p>Gratuit pour les moins de 12 ans<\/p>\n\n\n\n<hr class=\"wp-block-separator has-alpha-channel-opacity\"\/>\n\n\n<div class=\"wp-block-image is-style-rounded\">\n<figure class=\"alignright size-large is-resized\"><img decoding=\"async\" width=\"818\" height=\"1024\" src=\"https:\/\/www.sausseron-impressionnistes.fr\/wp-content\/uploads\/2021\/03\/Maison-atelier-de-Daubigny-\u00a9colombeclier-1-818x1024.jpg\" alt=\"\" class=\"wp-image-443\" style=\"width:356px;height:445px\" srcset=\"https:\/\/www.sausseron-impressionnistes.fr\/wp-content\/uploads\/2021\/03\/Maison-atelier-de-Daubigny-\u00a9colombeclier-1-818x1024.jpg 818w, https:\/\/www.sausseron-impressionnistes.fr\/wp-content\/uploads\/2021\/03\/Maison-atelier-de-Daubigny-\u00a9colombeclier-1-240x300.jpg 240w, https:\/\/www.sausseron-impressionnistes.fr\/wp-content\/uploads\/2021\/03\/Maison-atelier-de-Daubigny-\u00a9colombeclier-1-768x961.jpg 768w, https:\/\/www.sausseron-impressionnistes.fr\/wp-content\/uploads\/2021\/03\/Maison-atelier-de-Daubigny-\u00a9colombeclier-1-1227x1536.jpg 1227w, https:\/\/www.sausseron-impressionnistes.fr\/wp-content\/uploads\/2021\/03\/Maison-atelier-de-Daubigny-\u00a9colombeclier-1.jpg 1416w\" sizes=\"(max-width: 706px) 89vw, (max-width: 767px) 82vw, 740px\" \/><\/figure>\n<\/div>\n\n\n<p><strong><span style=\"color:#fd1057\" class=\"has-inline-color\">MAISON-ATELIER CHARLES FRAN\u00c7OIS DAUBIGNY<\/span><\/strong><\/p>\n\n\n\n<p><strong><span style=\"color:#fd1057\" class=\"has-inline-color\">(Class\u00e9e Monument Historique et labellis\u00e9e Maison des Illustres)<\/span><\/strong><\/p>\n\n\n\n<p><strong><span style=\"color:#fd1057\" class=\"has-inline-color\">61 rue Daubigny<\/span><\/strong><\/p>\n\n\n\n<p><strong><span style=\"color:#fd1057\" class=\"has-inline-color\">95 430 Auvers-sur-Oise<\/span><\/strong><\/p>\n\n\n\n<p><strong><span style=\"color:#fd1057\" class=\"has-inline-color\">01 34 48 03 03<\/span><\/strong><\/p>\n\n\n\n<p>Premier foyer artistique cr\u00e9\u00e9 par Charles Fran\u00e7ois Daubigny en 1861.D\u00e9cor\u00e9 sur environ 200m\u00b2 de murs par lui-m\u00eame, ses enfants et ses amis, dont Corot, Daumier, Oudinot et Geoffroy de Chaume. <\/p>\n\n\n\n<p>Ouvert de fin mars \u00e0 fin octobre, les week-ends  de 10h-12h et 14h-18h30<\/p>\n\n\n\n<p>6\u20ac &#8211; plein tarif        4\u20ac &#8211; tarif r\u00e9duit<\/p>\n\n\n\n<p>Gratuit pour les moins de 12 ans<\/p>\n\n\n\n<hr class=\"wp-block-separator has-alpha-channel-opacity\"\/>\n\n\n<div class=\"wp-block-image is-style-rounded\">\n<figure class=\"alignright size-large is-resized\"><img decoding=\"async\" width=\"1024\" height=\"685\" src=\"https:\/\/www.sausseron-impressionnistes.fr\/wp-content\/uploads\/2021\/03\/Musee-de-labsinthe@Musee-de-lAbsinthe-1024x685.jpg\" alt=\"\" class=\"wp-image-444\" style=\"width:418px;height:279px\" srcset=\"https:\/\/www.sausseron-impressionnistes.fr\/wp-content\/uploads\/2021\/03\/Musee-de-labsinthe@Musee-de-lAbsinthe-1024x685.jpg 1024w, https:\/\/www.sausseron-impressionnistes.fr\/wp-content\/uploads\/2021\/03\/Musee-de-labsinthe@Musee-de-lAbsinthe-300x201.jpg 300w, https:\/\/www.sausseron-impressionnistes.fr\/wp-content\/uploads\/2021\/03\/Musee-de-labsinthe@Musee-de-lAbsinthe-768x514.jpg 768w, https:\/\/www.sausseron-impressionnistes.fr\/wp-content\/uploads\/2021\/03\/Musee-de-labsinthe@Musee-de-lAbsinthe-1536x1028.jpg 1536w, https:\/\/www.sausseron-impressionnistes.fr\/wp-content\/uploads\/2021\/03\/Musee-de-labsinthe@Musee-de-lAbsinthe-2048x1371.jpg 2048w\" sizes=\"(max-width: 706px) 89vw, (max-width: 767px) 82vw, 740px\" \/><\/figure>\n<\/div>\n\n\n<p><strong><span style=\"color:#fd1057\" class=\"has-inline-color\">MUS\u00c9E DE L\u2019ABSINTHE<\/span><\/strong><\/p>\n\n\n\n<p><strong><span style=\"color:#fd1057\" class=\"has-inline-color\">44 rue Call\u00e9<\/span><\/strong><\/p>\n\n\n\n<p><strong><span style=\"color:#fd1057\" class=\"has-inline-color\">95 430 Auvers-sur-Oise<\/span><\/strong><\/p>\n\n\n\n<p><strong><span style=\"color:#fd1057\" class=\"has-inline-color\">01 30 36 83 26<\/span><\/strong><\/p>\n\n\n\n<p>La visite du mus\u00e9e qui \u00e9voque ce qu\u2019\u00e9tait la vie de caf\u00e9 \u00e0 l\u2019\u00e9poque des Impressionnistes est compl\u00e9t\u00e9e par l\u2019exposition de dessins de presse, eaux-fortes et tableaux sur le th\u00e8me de la F\u00e9e verte ainsi que de lithographies du caricaturiste Honor\u00e9 Daumier, qui r\u00e9sidait \u00e0 Valmondois et qui venait aider son ami Charles Fran\u00e7ois Daubigny \u00e0 d\u00e9corer sa maison-atelier.<\/p>\n\n\n\n<p>Ouvert de fin mars \u00e0 fin octobre, tous les week-ends 13h30-18h<\/p>\n\n\n\n<p>6\u20ac &#8211; plein tarif      5\u20ac &#8211; tarif r\u00e9duit (groupes, handicap\u00e9s, jeunes de moins de 18 ans)<\/p>\n\n\n\n<hr class=\"wp-block-separator has-alpha-channel-opacity\"\/>\n\n\n<div class=\"wp-block-image is-style-rounded\">\n<figure class=\"alignright size-large is-resized\"><img decoding=\"async\" width=\"1024\" height=\"685\" src=\"https:\/\/www.sausseron-impressionnistes.fr\/wp-content\/uploads\/2021\/03\/MOULIN-NAZE-1024x685.jpg\" alt=\"\" class=\"wp-image-445\" style=\"width:418px;height:279px\" srcset=\"https:\/\/www.sausseron-impressionnistes.fr\/wp-content\/uploads\/2021\/03\/MOULIN-NAZE-1024x685.jpg 1024w, https:\/\/www.sausseron-impressionnistes.fr\/wp-content\/uploads\/2021\/03\/MOULIN-NAZE-300x201.jpg 300w, https:\/\/www.sausseron-impressionnistes.fr\/wp-content\/uploads\/2021\/03\/MOULIN-NAZE-768x514.jpg 768w, https:\/\/www.sausseron-impressionnistes.fr\/wp-content\/uploads\/2021\/03\/MOULIN-NAZE-1536x1028.jpg 1536w, https:\/\/www.sausseron-impressionnistes.fr\/wp-content\/uploads\/2021\/03\/MOULIN-NAZE-2048x1371.jpg 2048w\" sizes=\"(max-width: 706px) 89vw, (max-width: 767px) 82vw, 740px\" \/><\/figure>\n<\/div>\n\n\n<p><strong><span style=\"color:#fd1057\" class=\"has-inline-color\">MOULIN DE LA NAZE MAISON DE LA MEUNERIE<\/span><\/strong><\/p>\n\n\n\n<p><strong><span style=\"color:#fd1057\" class=\"has-inline-color\">Rue du Moulin Morel<\/span><\/strong><\/p>\n\n\n\n<p><strong><span style=\"color:#fd1057\" class=\"has-inline-color\">95760 Valmondois<\/span><\/strong><\/p>\n\n\n\n<p><strong><span style=\"color:#fd1057\" class=\"has-inline-color\">01 34 73 06 26<\/span><\/strong><\/p>\n\n\n\n<p>Sur les pas des anciens meuniers, la r\u00e9habilitation du site a permis de conserver la machinerie d\u2019\u00e9poque et de remettre en fonctionnement une spectaculaire roue. L\u2019\u00e9tage a \u00e9t\u00e9 r\u00e9am\u00e9nag\u00e9 en lieux d&rsquo;expositions.<\/p>\n\n\n\n<p>Ouvert le samedi de 14h-18h, le dimanche de 10h-12h et 14h-18h. (1\/03 au 14\/07, 1\/09 au 15\/12)<\/p>\n\n\n\n<p>3\u20ac &#8211; plein tarif 2\u20ac &#8211; tarif r\u00e9duit (moins de 15 ans)<\/p>\n\n\n\n<p>Gratuit pour les moins de 5 ans<\/p>\n\n\n\n<hr class=\"wp-block-separator has-alpha-channel-opacity\"\/>\n\n\n<p><span class=\"has-inline-color\"><b><span style=\"color: #fd1057;\">MAISON DU DOCTEUR GACHET<\/span><\/b><\/span><\/p>\n<p><!-- \/wp:post-content -->\n\n<!-- wp:paragraph --><\/p>\n<p><span class=\"has-inline-color\"><b><span style=\"color: #fd1057;\">(Labellis\u00e9e Maison des Illustres)<\/span><\/b><\/span><\/p>\n<p><!-- \/wp:paragraph -->\n\n<!-- wp:paragraph --><\/p>\n<p><span class=\"has-inline-color\"><b><span style=\"color: #fd1057;\">78 rue du Docteur Gachet<\/span><\/b><\/span><\/p>\n<p><!-- \/wp:paragraph -->\n\n<!-- wp:paragraph --><\/p>\n<p><span class=\"has-inline-color\"><b><span style=\"color: #fd1057;\">95 430 Auvers-sur-Oise<\/span><\/b><\/span><\/p>\n<p><!-- \/wp:paragraph -->\n\n<!-- wp:paragraph --><\/p>\n<p><span class=\"has-inline-color\"><b><span style=\"color: #fd1057;\">01 30 36 81 27<\/span><\/b><\/span><\/p>\n<p>Dans le cadre de l\u2019exposition \u00e9v\u00e9nement\u00a0<em>Van Gogh, les derniers voyages<\/em>\u00a0organis\u00e9e au Ch\u00e2teau d\u2019Auvers, le D\u00e9partement du Val d\u2019Oise a r\u00e9habilit\u00e9 la Maison du docteur Gachet, \u00e9crin de culture nich\u00e9 au c\u0153ur du village d\u2019Auvers-sur-Oise.<\/p>\n<p>Dans les espaces ext\u00e9rieurs, les traces du passage de Van Gogh sont encore pr\u00e9sentes et sensibles. Le jardin d\u2019agr\u00e9ment que le peintre a immortalis\u00e9 \u00e0 deux reprises, la cour o\u00f9 il d\u00e9jeuna en compagnie de son fr\u00e8re Theo et de sa famille, enfin la vue imprenable sur la vall\u00e9e de l\u2019Oise nous rappellent immanquablement \u00e0 son souvenir.<\/p>\n<p>\u00c0 l\u2019int\u00e9rieur, l\u2019am\u00e9nagement du salon restitue ce que Van Gogh a trouv\u00e9 en 1890 : un encombrement rappelant un magasin d\u2019antiquit\u00e9s, dans lequel se distinguent des tableaux impressionnistes de premier plan. La vie quotidienne et la composition particuli\u00e8re du foyer sont pr\u00e9sent\u00e9es dans la salle \u00e0 manger et dans la cuisine.<\/p>\n<p>Au premier \u00e9tage, quatre espaces sont consacr\u00e9s \u00e0 l\u2019art du docteur et de celui de son fils. Pour la premi\u00e8re fois, leurs \u0153uvres sont pr\u00e9sent\u00e9es sans la moindre confrontation aux g\u00e9ants qu\u2019ils c\u00f4toyaient. On y trouvera des \u0153uvres in\u00e9dites et particuli\u00e8rement \u00e9mouvantes du p\u00e8re, et des huiles sur toile impressionnantes de son fils.<\/p>\n<p><!-- \/wp:paragraph -->\n\n<!-- wp:paragraph --><\/p>\n<p>Le docteur Gachet<\/p>\n<p>M\u00e9decin, membre de soci\u00e9t\u00e9s savantes, peintre amateur et graveur, le docteur<br \/>Gachet ach\u00e8te sa maison \u00e0 Auvers-sur-Oise en 1872. Il dessine et grave en<br \/>compagnie de C\u00e9zanne et de Pissarro. En 1890, \u00e0 la demande de Pissarro, il<br \/>re\u00e7oit Vincent van Gogh \u00e0 son arriv\u00e9e \u00e0 Auvers.<\/p>\n<p><!-- \/wp:paragraph -->\n\n<!-- wp:paragraph --><\/p>\n<p>Ouvert de mars \u00e0 fin octobre<\/p>\n<p>En 2024 ouverture en basse saison de\u00a0 10h30-18h30 les jeudi, samedi et dimanche<\/p>\n<p><!-- \/wp:paragraph -->\n\n<!-- wp:paragraph --><\/p>\n<p>Entr\u00e9e payante : 5\u20ac plein tarif<\/p>\n<p><!-- \/wp:paragraph --><\/p>\n<p><!-- wp:separator --><\/p>\n<hr class=\"wp-block-separator has-alpha-channel-opacity\" \/><!-- \/wp:separator -->\n<p><!-- wp:paragraph --><\/p>\n<p><strong><span class=\"has-inline-color\" style=\"color: #fd1057;\">MAISON-ATELIER \u00c9MILE BOGGIO<\/span><\/strong><\/p>\n<p><!-- \/wp:paragraph --><\/p>\n<p><!-- wp:paragraph --><\/p>\n<p><strong><span class=\"has-inline-color\" style=\"color: #fd1057;\">(Labellis\u00e9e Maison des Illustres)<\/span><\/strong><\/p>\n<p><!-- \/wp:paragraph --><\/p>\n<p><!-- wp:paragraph --><\/p>\n<p><strong><span class=\"has-inline-color\" style=\"color: #fd1057;\">47 rue \u00c9mile Boggio<\/span><\/strong><\/p>\n<p><!-- \/wp:paragraph --><\/p>\n<p><!-- wp:paragraph --><\/p>\n<p><strong><span class=\"has-inline-color\" style=\"color: #fd1057;\">95 430 Auvers-sur-Oise<\/span><\/strong><\/p>\n<p><!-- \/wp:paragraph --><\/p>\n<p><!-- wp:paragraph --><\/p>\n<p><strong><span class=\"has-inline-color\" style=\"color: #fd1057;\">06 10 33 24 71<\/span><\/strong><\/p>\n<p><!-- \/wp:paragraph --><\/p>\n<p><!-- wp:paragraph --><\/p>\n<p>\u00c9mile Boggio est n\u00e9 \u00e0 Caracas. Il obtient la m\u00e9daille d\u2019argent \u00e0 l\u2019Exposition Universelle de Paris en 1900. Il s\u2019installe \u00e0 Auvers en 1910 o\u00f9 il peindra plus de 400 tableaux. Son descendant, Xavier Boggio, lui-m\u00eame peintre et sculpteur, vit et travaille dans ce lieu.<\/p>\n<p><!-- \/wp:paragraph --><\/p>\n<p><!-- wp:paragraph --><\/p>\n<p>Ouvert de fin mars \u00e0 fin octobre, les deux premiers week-ends de chaque mois<\/p>\n<p><!-- \/wp:paragraph --><\/p>\n<p><!-- wp:paragraph --><\/p>\n<p>Entr\u00e9e payante sur demande et sur r\u00e9servation<\/p>\n<p>&nbsp;<\/p>\n<p><!-- \/wp:paragraph --><\/p>\n<p><!-- wp:paragraph --><\/p>\n<p><!-- \/wp:paragraph --><\/p>","protected":false},"excerpt":{"rendered":"<p>CH\u00c2TEAU D\u2019AUVERS Rue de L\u00e9ry 01 34 48 48 48 Le ch\u00e2teau d\u2019Auvers-sur-Oise, propri\u00e9t\u00e9 du Conseil d\u00e9partemental du Val d\u2019Oise, accueille une&nbsp;exposition exceptionnelle consacr\u00e9e aux quatre derni\u00e8res ann\u00e9es de la vie de Van Gogh. R\u00e9servation fortement recommand\u00e9e via la billetterie en ligne. Billetterie :&nbsp;https:\/\/musees-valdoise.oxygeno.fr\/ Ce nouveau parcours permet \u00e0 ses visiteurs de d\u00e9couvrir les explorations &hellip; <\/p>\n<p class=\"link-more\"><a href=\"https:\/\/www.sausseron-impressionnistes.fr\/index.php\/autres-lieux-culturels-2\/\" class=\"more-link\">Continuer la lecture<span class=\"screen-reader-text\"> de &laquo;&nbsp;Autres lieux culturels&nbsp;&raquo;<\/span><\/a><\/p>\n","protected":false},"author":1,"featured_media":0,"parent":0,"menu_order":0,"comment_status":"closed","ping_status":"closed","template":"","meta":{"footnotes":""},"class_list":["post-251","page","type-page","status-publish","hentry"],"yoast_head":"<!-- This site is optimized with the Yoast SEO plugin v27.5 - https:\/\/yoast.com\/product\/yoast-seo-wordpress\/ -->\n<title>Autres lieux culturels - Communaut\u00e9 de Communes Sausseron Impressionnistes<\/title>\n<meta name=\"robots\" content=\"index, follow, max-snippet:-1, max-image-preview:large, max-video-preview:-1\" \/>\n<link rel=\"canonical\" href=\"https:\/\/www.sausseron-impressionnistes.fr\/index.php\/autres-lieux-culturels-2\/\" \/>\n<meta property=\"og:locale\" content=\"fr_FR\" \/>\n<meta property=\"og:type\" content=\"article\" \/>\n<meta property=\"og:title\" content=\"Autres lieux culturels - Communaut\u00e9 de Communes Sausseron Impressionnistes\" \/>\n<meta property=\"og:description\" content=\"CH\u00c2TEAU D\u2019AUVERS Rue de L\u00e9ry 01 34 48 48 48 Le ch\u00e2teau d\u2019Auvers-sur-Oise, propri\u00e9t\u00e9 du Conseil d\u00e9partemental du Val d\u2019Oise, accueille une&nbsp;exposition exceptionnelle consacr\u00e9e aux quatre derni\u00e8res ann\u00e9es de la vie de Van Gogh. R\u00e9servation fortement recommand\u00e9e via la billetterie en ligne. Billetterie :&nbsp;https:\/\/musees-valdoise.oxygeno.fr\/ Ce nouveau parcours permet \u00e0 ses visiteurs de d\u00e9couvrir les explorations &hellip; Continuer la lecture de &laquo;&nbsp;Autres lieux culturels&nbsp;&raquo;\" \/>\n<meta property=\"og:url\" content=\"https:\/\/www.sausseron-impressionnistes.fr\/index.php\/autres-lieux-culturels-2\/\" \/>\n<meta property=\"og:site_name\" content=\"Communaut\u00e9 de Communes Sausseron Impressionnistes\" \/>\n<meta property=\"article:modified_time\" content=\"2025-10-16T09:51:29+00:00\" \/>\n<meta property=\"og:image\" content=\"http:\/\/www.sausseron-impressionnistes.fr\/wp-content\/uploads\/2021\/03\/CHATEAU-1024x768.jpg\" \/>\n<meta name=\"twitter:card\" content=\"summary_large_image\" \/>\n<meta name=\"twitter:label1\" content=\"Dur\u00e9e de lecture estim\u00e9e\" \/>\n\t<meta name=\"twitter:data1\" content=\"6 minutes\" \/>\n<script type=\"application\/ld+json\" class=\"yoast-schema-graph\">{\"@context\":\"https:\\\/\\\/schema.org\",\"@graph\":[{\"@type\":\"WebPage\",\"@id\":\"https:\\\/\\\/www.sausseron-impressionnistes.fr\\\/index.php\\\/autres-lieux-culturels-2\\\/\",\"url\":\"https:\\\/\\\/www.sausseron-impressionnistes.fr\\\/index.php\\\/autres-lieux-culturels-2\\\/\",\"name\":\"Autres lieux culturels - Communaut\u00e9 de Communes Sausseron Impressionnistes\",\"isPartOf\":{\"@id\":\"https:\\\/\\\/www.sausseron-impressionnistes.fr\\\/#website\"},\"primaryImageOfPage\":{\"@id\":\"https:\\\/\\\/www.sausseron-impressionnistes.fr\\\/index.php\\\/autres-lieux-culturels-2\\\/#primaryimage\"},\"image\":{\"@id\":\"https:\\\/\\\/www.sausseron-impressionnistes.fr\\\/index.php\\\/autres-lieux-culturels-2\\\/#primaryimage\"},\"thumbnailUrl\":\"http:\\\/\\\/www.sausseron-impressionnistes.fr\\\/wp-content\\\/uploads\\\/2021\\\/03\\\/CHATEAU-1024x768.jpg\",\"datePublished\":\"2021-03-01T09:28:21+00:00\",\"dateModified\":\"2025-10-16T09:51:29+00:00\",\"breadcrumb\":{\"@id\":\"https:\\\/\\\/www.sausseron-impressionnistes.fr\\\/index.php\\\/autres-lieux-culturels-2\\\/#breadcrumb\"},\"inLanguage\":\"fr-FR\",\"potentialAction\":[{\"@type\":\"ReadAction\",\"target\":[\"https:\\\/\\\/www.sausseron-impressionnistes.fr\\\/index.php\\\/autres-lieux-culturels-2\\\/\"]}]},{\"@type\":\"ImageObject\",\"inLanguage\":\"fr-FR\",\"@id\":\"https:\\\/\\\/www.sausseron-impressionnistes.fr\\\/index.php\\\/autres-lieux-culturels-2\\\/#primaryimage\",\"url\":\"http:\\\/\\\/www.sausseron-impressionnistes.fr\\\/wp-content\\\/uploads\\\/2021\\\/03\\\/CHATEAU-1024x768.jpg\",\"contentUrl\":\"http:\\\/\\\/www.sausseron-impressionnistes.fr\\\/wp-content\\\/uploads\\\/2021\\\/03\\\/CHATEAU-1024x768.jpg\"},{\"@type\":\"BreadcrumbList\",\"@id\":\"https:\\\/\\\/www.sausseron-impressionnistes.fr\\\/index.php\\\/autres-lieux-culturels-2\\\/#breadcrumb\",\"itemListElement\":[{\"@type\":\"ListItem\",\"position\":1,\"name\":\"Accueil\",\"item\":\"https:\\\/\\\/www.sausseron-impressionnistes.fr\\\/\"},{\"@type\":\"ListItem\",\"position\":2,\"name\":\"Autres lieux culturels\"}]},{\"@type\":\"WebSite\",\"@id\":\"https:\\\/\\\/www.sausseron-impressionnistes.fr\\\/#website\",\"url\":\"https:\\\/\\\/www.sausseron-impressionnistes.fr\\\/\",\"name\":\"Communaut\u00e9 de Communes Sausseron Impressionnistes\",\"description\":\"\",\"potentialAction\":[{\"@type\":\"SearchAction\",\"target\":{\"@type\":\"EntryPoint\",\"urlTemplate\":\"https:\\\/\\\/www.sausseron-impressionnistes.fr\\\/?s={search_term_string}\"},\"query-input\":{\"@type\":\"PropertyValueSpecification\",\"valueRequired\":true,\"valueName\":\"search_term_string\"}}],\"inLanguage\":\"fr-FR\"}]}<\/script>\n<!-- \/ Yoast SEO plugin. -->","yoast_head_json":{"title":"Autres lieux culturels - Communaut\u00e9 de Communes Sausseron Impressionnistes","robots":{"index":"index","follow":"follow","max-snippet":"max-snippet:-1","max-image-preview":"max-image-preview:large","max-video-preview":"max-video-preview:-1"},"canonical":"https:\/\/www.sausseron-impressionnistes.fr\/index.php\/autres-lieux-culturels-2\/","og_locale":"fr_FR","og_type":"article","og_title":"Autres lieux culturels - Communaut\u00e9 de Communes Sausseron Impressionnistes","og_description":"CH\u00c2TEAU D\u2019AUVERS Rue de L\u00e9ry 01 34 48 48 48 Le ch\u00e2teau d\u2019Auvers-sur-Oise, propri\u00e9t\u00e9 du Conseil d\u00e9partemental du Val d\u2019Oise, accueille une&nbsp;exposition exceptionnelle consacr\u00e9e aux quatre derni\u00e8res ann\u00e9es de la vie de Van Gogh. R\u00e9servation fortement recommand\u00e9e via la billetterie en ligne. Billetterie :&nbsp;https:\/\/musees-valdoise.oxygeno.fr\/ Ce nouveau parcours permet \u00e0 ses visiteurs de d\u00e9couvrir les explorations &hellip; Continuer la lecture de &laquo;&nbsp;Autres lieux culturels&nbsp;&raquo;","og_url":"https:\/\/www.sausseron-impressionnistes.fr\/index.php\/autres-lieux-culturels-2\/","og_site_name":"Communaut\u00e9 de Communes Sausseron Impressionnistes","article_modified_time":"2025-10-16T09:51:29+00:00","og_image":[{"url":"http:\/\/www.sausseron-impressionnistes.fr\/wp-content\/uploads\/2021\/03\/CHATEAU-1024x768.jpg","type":"","width":"","height":""}],"twitter_card":"summary_large_image","twitter_misc":{"Dur\u00e9e de lecture estim\u00e9e":"6 minutes"},"schema":{"@context":"https:\/\/schema.org","@graph":[{"@type":"WebPage","@id":"https:\/\/www.sausseron-impressionnistes.fr\/index.php\/autres-lieux-culturels-2\/","url":"https:\/\/www.sausseron-impressionnistes.fr\/index.php\/autres-lieux-culturels-2\/","name":"Autres lieux culturels - Communaut\u00e9 de Communes Sausseron Impressionnistes","isPartOf":{"@id":"https:\/\/www.sausseron-impressionnistes.fr\/#website"},"primaryImageOfPage":{"@id":"https:\/\/www.sausseron-impressionnistes.fr\/index.php\/autres-lieux-culturels-2\/#primaryimage"},"image":{"@id":"https:\/\/www.sausseron-impressionnistes.fr\/index.php\/autres-lieux-culturels-2\/#primaryimage"},"thumbnailUrl":"http:\/\/www.sausseron-impressionnistes.fr\/wp-content\/uploads\/2021\/03\/CHATEAU-1024x768.jpg","datePublished":"2021-03-01T09:28:21+00:00","dateModified":"2025-10-16T09:51:29+00:00","breadcrumb":{"@id":"https:\/\/www.sausseron-impressionnistes.fr\/index.php\/autres-lieux-culturels-2\/#breadcrumb"},"inLanguage":"fr-FR","potentialAction":[{"@type":"ReadAction","target":["https:\/\/www.sausseron-impressionnistes.fr\/index.php\/autres-lieux-culturels-2\/"]}]},{"@type":"ImageObject","inLanguage":"fr-FR","@id":"https:\/\/www.sausseron-impressionnistes.fr\/index.php\/autres-lieux-culturels-2\/#primaryimage","url":"http:\/\/www.sausseron-impressionnistes.fr\/wp-content\/uploads\/2021\/03\/CHATEAU-1024x768.jpg","contentUrl":"http:\/\/www.sausseron-impressionnistes.fr\/wp-content\/uploads\/2021\/03\/CHATEAU-1024x768.jpg"},{"@type":"BreadcrumbList","@id":"https:\/\/www.sausseron-impressionnistes.fr\/index.php\/autres-lieux-culturels-2\/#breadcrumb","itemListElement":[{"@type":"ListItem","position":1,"name":"Accueil","item":"https:\/\/www.sausseron-impressionnistes.fr\/"},{"@type":"ListItem","position":2,"name":"Autres lieux culturels"}]},{"@type":"WebSite","@id":"https:\/\/www.sausseron-impressionnistes.fr\/#website","url":"https:\/\/www.sausseron-impressionnistes.fr\/","name":"Communaut\u00e9 de Communes Sausseron Impressionnistes","description":"","potentialAction":[{"@type":"SearchAction","target":{"@type":"EntryPoint","urlTemplate":"https:\/\/www.sausseron-impressionnistes.fr\/?s={search_term_string}"},"query-input":{"@type":"PropertyValueSpecification","valueRequired":true,"valueName":"search_term_string"}}],"inLanguage":"fr-FR"}]}},"_links":{"self":[{"href":"https:\/\/www.sausseron-impressionnistes.fr\/index.php\/wp-json\/wp\/v2\/pages\/251","targetHints":{"allow":["GET"]}}],"collection":[{"href":"https:\/\/www.sausseron-impressionnistes.fr\/index.php\/wp-json\/wp\/v2\/pages"}],"about":[{"href":"https:\/\/www.sausseron-impressionnistes.fr\/index.php\/wp-json\/wp\/v2\/types\/page"}],"author":[{"embeddable":true,"href":"https:\/\/www.sausseron-impressionnistes.fr\/index.php\/wp-json\/wp\/v2\/users\/1"}],"replies":[{"embeddable":true,"href":"https:\/\/www.sausseron-impressionnistes.fr\/index.php\/wp-json\/wp\/v2\/comments?post=251"}],"version-history":[{"count":10,"href":"https:\/\/www.sausseron-impressionnistes.fr\/index.php\/wp-json\/wp\/v2\/pages\/251\/revisions"}],"predecessor-version":[{"id":3453,"href":"https:\/\/www.sausseron-impressionnistes.fr\/index.php\/wp-json\/wp\/v2\/pages\/251\/revisions\/3453"}],"wp:attachment":[{"href":"https:\/\/www.sausseron-impressionnistes.fr\/index.php\/wp-json\/wp\/v2\/media?parent=251"}],"curies":[{"name":"wp","href":"https:\/\/api.w.org\/{rel}","templated":true}]}}